{"id":2008,"date":"2023-11-13T16:52:44","date_gmt":"2023-11-13T16:52:44","guid":{"rendered":"https:\/\/provens.edu.rs\/?page_id=2008"},"modified":"2024-10-07T15:15:08","modified_gmt":"2024-10-07T15:15:08","slug":"provens-junior","status":"publish","type":"page","link":"https:\/\/provens.edu.rs\/sr_rs\/provens-junior\/","title":{"rendered":"Provens Junior"},"content":{"rendered":"\t\t<div data-elementor-type=\"wp-page\" data-elementor-id=\"2008\" class=\"elementor elementor-2008\" data-elementor-post-type=\"page\">\n\t\t\t\t\t\t<section class=\"elementor-section elementor-top-section elementor-element elementor-element-21065a7 elementor-section-boxed elementor-section-height-default elementor-section-height-default\" data-id=\"21065a7\" data-element_type=\"section\">\n\t\t\t\t\t\t<div class=\"elementor-container elementor-column-gap-default\">\n\t\t\t\t\t<div class=\"elementor-column elementor-col-100 elementor-top-column elementor-element elementor-element-59e0639\" data-id=\"59e0639\" data-element_type=\"column\">\n\t\t\t<div class=\"elementor-widget-wrap elementor-element-populated\">\n\t\t\t\t\t\t<div class=\"elementor-element elementor-element-c2b5bf1 elementor-grid-3 elementor-grid-tablet-2 elementor-grid-mobile-1 elementor-posts--thumbnail-top elementor-posts--show-avatar elementor-card-shadow-yes elementor-posts__hover-gradient elementor-widget elementor-widget-posts\" data-id=\"c2b5bf1\" data-element_type=\"widget\" data-settings=\"{&quot;pagination_type&quot;:&quot;prev_next&quot;,&quot;cards_columns&quot;:&quot;3&quot;,&quot;cards_columns_tablet&quot;:&quot;2&quot;,&quot;cards_columns_mobile&quot;:&quot;1&quot;,&quot;cards_row_gap&quot;:{&quot;unit&quot;:&quot;px&quot;,&quot;size&quot;:35,&quot;sizes&quot;:[]},&quot;cards_row_gap_tablet&quot;:{&quot;unit&quot;:&quot;px&quot;,&quot;size&quot;:&quot;&quot;,&quot;sizes&quot;:[]},&quot;cards_row_gap_mobile&quot;:{&quot;unit&quot;:&quot;px&quot;,&quot;size&quot;:&quot;&quot;,&quot;sizes&quot;:[]}}\" data-widget_type=\"posts.cards\">\n\t\t\t\t<div class=\"elementor-widget-container\">\n\t\t\t\t\t\t\t<div class=\"elementor-posts-container elementor-posts elementor-posts--skin-cards elementor-grid\">\n\t\t\t\t<article class=\"elementor-post elementor-grid-item post-2552 post type-post status-publish format-standard has-post-thumbnail hentry category-provense-junior tag-deca-mladjeg-osnovnoskolskog-uzrasta tag-deca-predskolskog-uzrasta tag-interaktivne-knjige-za-decu tag-qr-kodovi tag-upotreba-qr-kodova\">\n\t\t\t<div class=\"elementor-post__card\">\n\t\t\t\t<a class=\"elementor-post__thumbnail__link\" href=\"https:\/\/provens.edu.rs\/sr_rs\/kako-uz-pomoc-qr-kodova-razvijati-decu-predskolskog-i-mladjeg-osnovnoskolskog-uzrasta\/\" tabindex=\"-1\" ><div class=\"elementor-post__thumbnail\"><img fetchpriority=\"high\" decoding=\"async\" width=\"768\" height=\"384\" src=\"https:\/\/provens.edu.rs\/wp-content\/uploads\/2024\/10\/qr-kodovi-blog-768x384.jpg\" class=\"attachment-medium_large size-medium_large wp-image-2553\" alt=\"Kako uz pomo\u0107 QR kodova razvijati decu pred\u0161kolskog i mla\u0111eg osnovno\u0161kolskog uzrasta?\" srcset=\"https:\/\/provens.edu.rs\/wp-content\/uploads\/2024\/10\/qr-kodovi-blog-768x384.jpg 768w, https:\/\/provens.edu.rs\/wp-content\/uploads\/2024\/10\/qr-kodovi-blog-300x150.jpg 300w, https:\/\/provens.edu.rs\/wp-content\/uploads\/2024\/10\/qr-kodovi-blog-1024x512.jpg 1024w, https:\/\/provens.edu.rs\/wp-content\/uploads\/2024\/10\/qr-kodovi-blog-18x9.jpg 18w, https:\/\/provens.edu.rs\/wp-content\/uploads\/2024\/10\/qr-kodovi-blog-600x300.jpg 600w, https:\/\/provens.edu.rs\/wp-content\/uploads\/2024\/10\/qr-kodovi-blog.jpg 1200w\" sizes=\"(max-width: 768px) 100vw, 768px\" \/><\/div><\/a>\n\t\t\t\t<div class=\"elementor-post__avatar\">\n\t\t\t<img alt='Dragana Malesevic' src='https:\/\/provens.edu.rs\/wp-content\/litespeed\/avatar\/3f873c571a76c94704d9f539f4210376.jpg?ver=1777260344' srcset='https:\/\/provens.edu.rs\/wp-content\/litespeed\/avatar\/72f06dfd6f36ec0519bdb4a78fdc3c26.jpg?ver=1777260344 2x' class='avatar avatar-128 photo' height='128' width='128' \/>\t\t<\/div>\n\t\t\t\t<div class=\"elementor-post__text\">\n\t\t\t\t<h4 class=\"elementor-post__title\">\n\t\t\t<a href=\"https:\/\/provens.edu.rs\/sr_rs\/kako-uz-pomoc-qr-kodova-razvijati-decu-predskolskog-i-mladjeg-osnovnoskolskog-uzrasta\/\" >\n\t\t\t\tKako uz pomo\u0107 QR kodova razvijati decu pred\u0161kolskog i mla\u0111eg osnovno\u0161kolskog uzrasta?\t\t\t<\/a>\n\t\t<\/h4>\n\t\t\t\t<div class=\"elementor-post__excerpt\">\n\t\t\t<p>U prezentaciji mo\u017eete poslu\u0161ati izlaganje dr Dragane Male\u0161evi\u0107 o upotrebi QR kodova u radu sa decom pred\u0161kolskog i mla\u0111eg osnovno\u0161kolskog uzrasta.<\/p>\n\t\t<\/div>\n\t\t\t\t\t<div class=\"elementor-post__read-more-wrapper\">\n\t\t\n\t\t<a class=\"elementor-post__read-more\" href=\"https:\/\/provens.edu.rs\/sr_rs\/kako-uz-pomoc-qr-kodova-razvijati-decu-predskolskog-i-mladjeg-osnovnoskolskog-uzrasta\/\" aria-label=\"Read more about Kako uz pomo\u0107 QR kodova razvijati decu pred\u0161kolskog i mla\u0111eg osnovno\u0161kolskog uzrasta?\" tabindex=\"-1\" >\n\t\t\tPro\u010ditaj vi\u0161e\t\t<\/a>\n\n\t\t\t\t\t<\/div>\n\t\t\t\t<\/div>\n\t\t\t\t<div class=\"elementor-post__meta-data\">\n\t\t\t\t\t<span class=\"elementor-post-date\">\n\t\t\t05\/10\/2024\t\t<\/span>\n\t\t\t\t<\/div>\n\t\t\t\t\t<\/div>\n\t\t<\/article>\n\t\t\t\t<article class=\"elementor-post elementor-grid-item post-2539 post type-post status-publish format-standard has-post-thumbnail hentry category-provense-junior tag-dragana-malesevic tag-qr-kodovi tag-srpsko-engleski tag-zvucni-recnik\">\n\t\t\t<div class=\"elementor-post__card\">\n\t\t\t\t<a class=\"elementor-post__thumbnail__link\" href=\"https:\/\/provens.edu.rs\/sr_rs\/ucenje-jezika-na-zabavan-nacin-uz-srpsko-engleski-zvucni-recnik-za-decu\/\" tabindex=\"-1\" ><div class=\"elementor-post__thumbnail\"><img decoding=\"async\" width=\"768\" height=\"384\" src=\"https:\/\/provens.edu.rs\/wp-content\/uploads\/2024\/10\/SE-blog-recnik-1200-600-768x384.jpg\" class=\"attachment-medium_large size-medium_large wp-image-2551\" alt=\"Srpsko-engleski zvu\u010dni re\u010dnik za decu\" srcset=\"https:\/\/provens.edu.rs\/wp-content\/uploads\/2024\/10\/SE-blog-recnik-1200-600-768x384.jpg 768w, https:\/\/provens.edu.rs\/wp-content\/uploads\/2024\/10\/SE-blog-recnik-1200-600-300x150.jpg 300w, https:\/\/provens.edu.rs\/wp-content\/uploads\/2024\/10\/SE-blog-recnik-1200-600-1024x512.jpg 1024w, https:\/\/provens.edu.rs\/wp-content\/uploads\/2024\/10\/SE-blog-recnik-1200-600-18x9.jpg 18w, https:\/\/provens.edu.rs\/wp-content\/uploads\/2024\/10\/SE-blog-recnik-1200-600-600x300.jpg 600w, https:\/\/provens.edu.rs\/wp-content\/uploads\/2024\/10\/SE-blog-recnik-1200-600.jpg 1200w\" sizes=\"(max-width: 768px) 100vw, 768px\" \/><\/div><\/a>\n\t\t\t\t<div class=\"elementor-post__avatar\">\n\t\t\t<img alt='Dragana Malesevic' src='https:\/\/provens.edu.rs\/wp-content\/litespeed\/avatar\/3f873c571a76c94704d9f539f4210376.jpg?ver=1777260344' srcset='https:\/\/provens.edu.rs\/wp-content\/litespeed\/avatar\/72f06dfd6f36ec0519bdb4a78fdc3c26.jpg?ver=1777260344 2x' class='avatar avatar-128 photo' height='128' width='128' \/>\t\t<\/div>\n\t\t\t\t<div class=\"elementor-post__text\">\n\t\t\t\t<h4 class=\"elementor-post__title\">\n\t\t\t<a href=\"https:\/\/provens.edu.rs\/sr_rs\/ucenje-jezika-na-zabavan-nacin-uz-srpsko-engleski-zvucni-recnik-za-decu\/\" >\n\t\t\t\tU\u010denje jezika na zabavan na\u010din uz &#8222;Srpsko-engleski zvu\u010dni re\u010dnik za decu&#8220;\t\t\t<\/a>\n\t\t<\/h4>\n\t\t\t\t<div class=\"elementor-post__excerpt\">\n\t\t\t<p>&#8222;Srpsko-engleski zvu\u010dni re\u010dnik za decu&#8220; je vi\u0161e od obi\u010dnog re\u010dnika; to je alat koji podsti\u010de u\u010denje jezika na zabavan i interaktivan na\u010din. <\/p>\n\t\t<\/div>\n\t\t\t\t\t<div class=\"elementor-post__read-more-wrapper\">\n\t\t\n\t\t<a class=\"elementor-post__read-more\" href=\"https:\/\/provens.edu.rs\/sr_rs\/ucenje-jezika-na-zabavan-nacin-uz-srpsko-engleski-zvucni-recnik-za-decu\/\" aria-label=\"Read more about U\u010denje jezika na zabavan na\u010din uz &#8222;Srpsko-engleski zvu\u010dni re\u010dnik za decu&#8220;\" tabindex=\"-1\" >\n\t\t\tPro\u010ditaj vi\u0161e\t\t<\/a>\n\n\t\t\t\t\t<\/div>\n\t\t\t\t<\/div>\n\t\t\t\t<div class=\"elementor-post__meta-data\">\n\t\t\t\t\t<span class=\"elementor-post-date\">\n\t\t\t05\/10\/2024\t\t<\/span>\n\t\t\t\t<\/div>\n\t\t\t\t\t<\/div>\n\t\t<\/article>\n\t\t\t\t<article class=\"elementor-post elementor-grid-item post-2511 post type-post status-publish format-video has-post-thumbnail hentry category-provense-junior tag-interaktivne-knjige-za-decu tag-kikinda tag-qr-kodovi tag-vrtici post_format-post-format-video\">\n\t\t\t<div class=\"elementor-post__card\">\n\t\t\t\t<a class=\"elementor-post__thumbnail__link\" href=\"https:\/\/provens.edu.rs\/sr_rs\/interaktivne-knjige-za-decu-stizu-u-vrtice-grada-kikinde\/\" tabindex=\"-1\" ><div class=\"elementor-post__thumbnail\"><img decoding=\"async\" width=\"768\" height=\"384\" src=\"https:\/\/provens.edu.rs\/wp-content\/uploads\/2024\/03\/dr-Dragana-Malesevic-is-768x384.jpg\" class=\"attachment-medium_large size-medium_large wp-image-2512\" alt=\"Interaktivne knjige za decu sti\u017eu u vrti\u0107e grada Kikinde!\" srcset=\"https:\/\/provens.edu.rs\/wp-content\/uploads\/2024\/03\/dr-Dragana-Malesevic-is-768x384.jpg 768w, https:\/\/provens.edu.rs\/wp-content\/uploads\/2024\/03\/dr-Dragana-Malesevic-is-300x150.jpg 300w, https:\/\/provens.edu.rs\/wp-content\/uploads\/2024\/03\/dr-Dragana-Malesevic-is-1024x512.jpg 1024w, https:\/\/provens.edu.rs\/wp-content\/uploads\/2024\/03\/dr-Dragana-Malesevic-is-18x9.jpg 18w, https:\/\/provens.edu.rs\/wp-content\/uploads\/2024\/03\/dr-Dragana-Malesevic-is-600x300.jpg 600w, https:\/\/provens.edu.rs\/wp-content\/uploads\/2024\/03\/dr-Dragana-Malesevic-is.jpg 1200w\" sizes=\"(max-width: 768px) 100vw, 768px\" \/><\/div><\/a>\n\t\t\t\t<div class=\"elementor-post__avatar\">\n\t\t\t<img alt='Dragana Malesevic' src='https:\/\/provens.edu.rs\/wp-content\/litespeed\/avatar\/3f873c571a76c94704d9f539f4210376.jpg?ver=1777260344' srcset='https:\/\/provens.edu.rs\/wp-content\/litespeed\/avatar\/72f06dfd6f36ec0519bdb4a78fdc3c26.jpg?ver=1777260344 2x' class='avatar avatar-128 photo' height='128' width='128' \/>\t\t<\/div>\n\t\t\t\t<div class=\"elementor-post__text\">\n\t\t\t\t<h4 class=\"elementor-post__title\">\n\t\t\t<a href=\"https:\/\/provens.edu.rs\/sr_rs\/interaktivne-knjige-za-decu-stizu-u-vrtice-grada-kikinde\/\" >\n\t\t\t\tInteraktivne knjige za decu sti\u017eu u vrti\u0107e grada Kikinde!\t\t\t<\/a>\n\t\t<\/h4>\n\t\t\t\t<div class=\"elementor-post__excerpt\">\n\t\t\t<p>Interaktivne knjige za decu sti\u017eu u vrti\u0107e grada Kikinde<\/p>\n\t\t<\/div>\n\t\t\t\t\t<div class=\"elementor-post__read-more-wrapper\">\n\t\t\n\t\t<a class=\"elementor-post__read-more\" href=\"https:\/\/provens.edu.rs\/sr_rs\/interaktivne-knjige-za-decu-stizu-u-vrtice-grada-kikinde\/\" aria-label=\"Read more about Interaktivne knjige za decu sti\u017eu u vrti\u0107e grada Kikinde!\" tabindex=\"-1\" >\n\t\t\tPro\u010ditaj vi\u0161e\t\t<\/a>\n\n\t\t\t\t\t<\/div>\n\t\t\t\t<\/div>\n\t\t\t\t<div class=\"elementor-post__meta-data\">\n\t\t\t\t\t<span class=\"elementor-post-date\">\n\t\t\t20\/03\/2024\t\t<\/span>\n\t\t\t\t<\/div>\n\t\t\t\t\t<\/div>\n\t\t<\/article>\n\t\t\t\t<article class=\"elementor-post elementor-grid-item post-2508 post type-post status-publish format-standard has-post-thumbnail hentry category-provense-junior\">\n\t\t\t<div class=\"elementor-post__card\">\n\t\t\t\t<a class=\"elementor-post__thumbnail__link\" href=\"https:\/\/provens.edu.rs\/sr_rs\/intervju-u-emisiji-otvoreni-ekran-na-tv9-novi-sad\/\" tabindex=\"-1\" ><div class=\"elementor-post__thumbnail\"><img loading=\"lazy\" decoding=\"async\" width=\"768\" height=\"384\" src=\"https:\/\/provens.edu.rs\/wp-content\/uploads\/2024\/03\/otvoreni-ekran-768x384.jpg\" class=\"attachment-medium_large size-medium_large wp-image-2509\" alt=\"Otvoreni Ekran\" srcset=\"https:\/\/provens.edu.rs\/wp-content\/uploads\/2024\/03\/otvoreni-ekran-768x384.jpg 768w, https:\/\/provens.edu.rs\/wp-content\/uploads\/2024\/03\/otvoreni-ekran-300x150.jpg 300w, https:\/\/provens.edu.rs\/wp-content\/uploads\/2024\/03\/otvoreni-ekran-1024x512.jpg 1024w, https:\/\/provens.edu.rs\/wp-content\/uploads\/2024\/03\/otvoreni-ekran-18x9.jpg 18w, https:\/\/provens.edu.rs\/wp-content\/uploads\/2024\/03\/otvoreni-ekran-600x300.jpg 600w, https:\/\/provens.edu.rs\/wp-content\/uploads\/2024\/03\/otvoreni-ekran.jpg 1200w\" sizes=\"(max-width: 768px) 100vw, 768px\" \/><\/div><\/a>\n\t\t\t\t<div class=\"elementor-post__avatar\">\n\t\t\t<img alt='Dragana Malesevic' src='https:\/\/provens.edu.rs\/wp-content\/litespeed\/avatar\/3f873c571a76c94704d9f539f4210376.jpg?ver=1777260344' srcset='https:\/\/provens.edu.rs\/wp-content\/litespeed\/avatar\/72f06dfd6f36ec0519bdb4a78fdc3c26.jpg?ver=1777260344 2x' class='avatar avatar-128 photo' height='128' width='128' \/>\t\t<\/div>\n\t\t\t\t<div class=\"elementor-post__text\">\n\t\t\t\t<h4 class=\"elementor-post__title\">\n\t\t\t<a href=\"https:\/\/provens.edu.rs\/sr_rs\/intervju-u-emisiji-otvoreni-ekran-na-tv9-novi-sad\/\" >\n\t\t\t\tIntervju u emisiji Otvoreni Ekran na TV9, Novi Sad\t\t\t<\/a>\n\t\t<\/h4>\n\t\t\t\t<div class=\"elementor-post__excerpt\">\n\t\t\t<p>VIDEO K9: Go\u0161\u0107a Otvorenog ekrana Dragana Male\u0161evi\u0107 iz Udru\u017eenja za razvoj profesionalnih ve\u0161tina &#8222;Provens&#8220;.<\/p>\n\t\t<\/div>\n\t\t\t\t\t<div class=\"elementor-post__read-more-wrapper\">\n\t\t\n\t\t<a class=\"elementor-post__read-more\" href=\"https:\/\/provens.edu.rs\/sr_rs\/intervju-u-emisiji-otvoreni-ekran-na-tv9-novi-sad\/\" aria-label=\"Read more about Intervju u emisiji Otvoreni Ekran na TV9, Novi Sad\" tabindex=\"-1\" >\n\t\t\tPro\u010ditaj vi\u0161e\t\t<\/a>\n\n\t\t\t\t\t<\/div>\n\t\t\t\t<\/div>\n\t\t\t\t<div class=\"elementor-post__meta-data\">\n\t\t\t\t\t<span class=\"elementor-post-date\">\n\t\t\t20\/03\/2024\t\t<\/span>\n\t\t\t\t<\/div>\n\t\t\t\t\t<\/div>\n\t\t<\/article>\n\t\t\t\t<article class=\"elementor-post elementor-grid-item post-2561 post type-post status-publish format-video has-post-thumbnail hentry category-provense-junior tag-deciji-tv-dnevnik tag-knjige-sa-kojima-se-raste tag-qr-kodovi post_format-post-format-video\">\n\t\t\t<div class=\"elementor-post__card\">\n\t\t\t\t<a class=\"elementor-post__thumbnail__link\" href=\"https:\/\/provens.edu.rs\/sr_rs\/dragana-malesevic-u-decijem-tv-dnevniku\/\" tabindex=\"-1\" ><div class=\"elementor-post__thumbnail\"><img loading=\"lazy\" decoding=\"async\" width=\"768\" height=\"384\" src=\"https:\/\/provens.edu.rs\/wp-content\/uploads\/2024\/10\/deciji-TV-Dnevnik-blog-768x384.jpg\" class=\"attachment-medium_large size-medium_large wp-image-2562\" alt=\"De\u010diji TV Dnevnik\" srcset=\"https:\/\/provens.edu.rs\/wp-content\/uploads\/2024\/10\/deciji-TV-Dnevnik-blog-768x384.jpg 768w, https:\/\/provens.edu.rs\/wp-content\/uploads\/2024\/10\/deciji-TV-Dnevnik-blog-300x150.jpg 300w, https:\/\/provens.edu.rs\/wp-content\/uploads\/2024\/10\/deciji-TV-Dnevnik-blog-1024x512.jpg 1024w, https:\/\/provens.edu.rs\/wp-content\/uploads\/2024\/10\/deciji-TV-Dnevnik-blog-18x9.jpg 18w, https:\/\/provens.edu.rs\/wp-content\/uploads\/2024\/10\/deciji-TV-Dnevnik-blog-600x300.jpg 600w, https:\/\/provens.edu.rs\/wp-content\/uploads\/2024\/10\/deciji-TV-Dnevnik-blog.jpg 1200w\" sizes=\"(max-width: 768px) 100vw, 768px\" \/><\/div><\/a>\n\t\t\t\t<div class=\"elementor-post__avatar\">\n\t\t\t<img alt='Dragana Malesevic' src='https:\/\/provens.edu.rs\/wp-content\/litespeed\/avatar\/3f873c571a76c94704d9f539f4210376.jpg?ver=1777260344' srcset='https:\/\/provens.edu.rs\/wp-content\/litespeed\/avatar\/72f06dfd6f36ec0519bdb4a78fdc3c26.jpg?ver=1777260344 2x' class='avatar avatar-128 photo' height='128' width='128' \/>\t\t<\/div>\n\t\t\t\t<div class=\"elementor-post__text\">\n\t\t\t\t<h4 class=\"elementor-post__title\">\n\t\t\t<a href=\"https:\/\/provens.edu.rs\/sr_rs\/dragana-malesevic-u-decijem-tv-dnevniku\/\" >\n\t\t\t\tDragana Male\u0161evi\u0107 u de\u010dijem TV dnevniku\t\t\t<\/a>\n\t\t<\/h4>\n\t\t\t\t<div class=\"elementor-post__excerpt\">\n\t\t\t<p>Dr. Dragana Male\u0161evi\u0107 je gostovala u emisiji &#8222;De\u010diji TV Dnevnik&#8220; na RTV gde je predstavila zanimljiv projekat pod nazivom \u201eKnjige sa kojima se raste\u201c.<\/p>\n\t\t<\/div>\n\t\t\t\t\t<div class=\"elementor-post__read-more-wrapper\">\n\t\t\n\t\t<a class=\"elementor-post__read-more\" href=\"https:\/\/provens.edu.rs\/sr_rs\/dragana-malesevic-u-decijem-tv-dnevniku\/\" aria-label=\"Read more about Dragana Male\u0161evi\u0107 u de\u010dijem TV dnevniku\" tabindex=\"-1\" >\n\t\t\tPro\u010ditaj vi\u0161e\t\t<\/a>\n\n\t\t\t\t\t<\/div>\n\t\t\t\t<\/div>\n\t\t\t\t<div class=\"elementor-post__meta-data\">\n\t\t\t\t\t<span class=\"elementor-post-date\">\n\t\t\t05\/01\/2024\t\t<\/span>\n\t\t\t\t<\/div>\n\t\t\t\t\t<\/div>\n\t\t<\/article>\n\t\t\t\t<article class=\"elementor-post elementor-grid-item post-2444 post type-post status-publish format-standard has-post-thumbnail hentry category-knjige-za-decu category-provense-junior\">\n\t\t\t<div class=\"elementor-post__card\">\n\t\t\t\t<a class=\"elementor-post__thumbnail__link\" href=\"https:\/\/provens.edu.rs\/sr_rs\/zbirka-projekata-razvoj-ekoloske-svesti-dece-predskolskog-uzrasta\/\" tabindex=\"-1\" ><div class=\"elementor-post__thumbnail\"><img loading=\"lazy\" decoding=\"async\" width=\"768\" height=\"384\" src=\"https:\/\/provens.edu.rs\/wp-content\/uploads\/2023\/12\/Razvoj-ekoloske-svesti-dece-1200-600-768x384.jpg\" class=\"attachment-medium_large size-medium_large wp-image-2467\" alt=\"Razvoj ekolo\u0161ke svesti dece\" srcset=\"https:\/\/provens.edu.rs\/wp-content\/uploads\/2023\/12\/Razvoj-ekoloske-svesti-dece-1200-600-768x384.jpg 768w, https:\/\/provens.edu.rs\/wp-content\/uploads\/2023\/12\/Razvoj-ekoloske-svesti-dece-1200-600-300x150.jpg 300w, https:\/\/provens.edu.rs\/wp-content\/uploads\/2023\/12\/Razvoj-ekoloske-svesti-dece-1200-600-1024x512.jpg 1024w, https:\/\/provens.edu.rs\/wp-content\/uploads\/2023\/12\/Razvoj-ekoloske-svesti-dece-1200-600-18x9.jpg 18w, https:\/\/provens.edu.rs\/wp-content\/uploads\/2023\/12\/Razvoj-ekoloske-svesti-dece-1200-600-600x300.jpg 600w, https:\/\/provens.edu.rs\/wp-content\/uploads\/2023\/12\/Razvoj-ekoloske-svesti-dece-1200-600.jpg 1200w\" sizes=\"(max-width: 768px) 100vw, 768px\" \/><\/div><\/a>\n\t\t\t\t<div class=\"elementor-post__avatar\">\n\t\t\t<img alt='Dragana Malesevic' src='https:\/\/provens.edu.rs\/wp-content\/litespeed\/avatar\/3f873c571a76c94704d9f539f4210376.jpg?ver=1777260344' srcset='https:\/\/provens.edu.rs\/wp-content\/litespeed\/avatar\/72f06dfd6f36ec0519bdb4a78fdc3c26.jpg?ver=1777260344 2x' class='avatar avatar-128 photo' height='128' width='128' \/>\t\t<\/div>\n\t\t\t\t<div class=\"elementor-post__text\">\n\t\t\t\t<h4 class=\"elementor-post__title\">\n\t\t\t<a href=\"https:\/\/provens.edu.rs\/sr_rs\/zbirka-projekata-razvoj-ekoloske-svesti-dece-predskolskog-uzrasta\/\" >\n\t\t\t\tZbirka projekata: Razvoj ekolo\u0161ke svesti dece pred\u0161kolskog uzrasta\t\t\t<\/a>\n\t\t<\/h4>\n\t\t\t\t<div class=\"elementor-post__excerpt\">\n\t\t\t<p>Predstavljena zbirka projekata &#8222;Razvoj ekolo\u0161ke svesti dece pred\u0161kolskog uzrasta&#8220; pru\u017ea uvid u kreativne i obrazovne aktivnosti koje su preduzete u razli\u010ditim pred\u0161kolskim ustanovama. U svakom od predstavljenih projekata, fokus je na stimulisanju ekolo\u0161ke svesti i podsti\u010denju dece da razmi\u0161lja o za\u0161titi okoline.<\/p>\n\t\t<\/div>\n\t\t\t\t\t<div class=\"elementor-post__read-more-wrapper\">\n\t\t\n\t\t<a class=\"elementor-post__read-more\" href=\"https:\/\/provens.edu.rs\/sr_rs\/zbirka-projekata-razvoj-ekoloske-svesti-dece-predskolskog-uzrasta\/\" aria-label=\"Read more about Zbirka projekata: Razvoj ekolo\u0161ke svesti dece pred\u0161kolskog uzrasta\" tabindex=\"-1\" >\n\t\t\tPro\u010ditaj vi\u0161e\t\t<\/a>\n\n\t\t\t\t\t<\/div>\n\t\t\t\t<\/div>\n\t\t\t\t<div class=\"elementor-post__meta-data\">\n\t\t\t\t\t<span class=\"elementor-post-date\">\n\t\t\t26\/12\/2023\t\t<\/span>\n\t\t\t\t<\/div>\n\t\t\t\t\t<\/div>\n\t\t<\/article>\n\t\t\t\t<article class=\"elementor-post elementor-grid-item post-2556 post type-post status-publish format-video has-post-thumbnail hentry category-provense-junior tag-manifestacija tag-novi-sad tag-svecana-akademija-deci-u-cast post_format-post-format-video\">\n\t\t\t<div class=\"elementor-post__card\">\n\t\t\t\t<a class=\"elementor-post__thumbnail__link\" href=\"https:\/\/provens.edu.rs\/sr_rs\/svecana-akademija-deci-u-cast\/\" tabindex=\"-1\" ><div class=\"elementor-post__thumbnail\"><img loading=\"lazy\" decoding=\"async\" width=\"768\" height=\"384\" src=\"https:\/\/provens.edu.rs\/wp-content\/uploads\/2024\/10\/deci-u-cast-768x384.jpg\" class=\"attachment-medium_large size-medium_large wp-image-2558\" alt=\"Sve\u010dana akademija &#039;Deci u \u010dast&#039;\" srcset=\"https:\/\/provens.edu.rs\/wp-content\/uploads\/2024\/10\/deci-u-cast-768x384.jpg 768w, https:\/\/provens.edu.rs\/wp-content\/uploads\/2024\/10\/deci-u-cast-300x150.jpg 300w, https:\/\/provens.edu.rs\/wp-content\/uploads\/2024\/10\/deci-u-cast-1024x512.jpg 1024w, https:\/\/provens.edu.rs\/wp-content\/uploads\/2024\/10\/deci-u-cast-18x9.jpg 18w, https:\/\/provens.edu.rs\/wp-content\/uploads\/2024\/10\/deci-u-cast-600x300.jpg 600w, https:\/\/provens.edu.rs\/wp-content\/uploads\/2024\/10\/deci-u-cast.jpg 1200w\" sizes=\"(max-width: 768px) 100vw, 768px\" \/><\/div><\/a>\n\t\t\t\t<div class=\"elementor-post__avatar\">\n\t\t\t<img alt='Dragana Malesevic' src='https:\/\/provens.edu.rs\/wp-content\/litespeed\/avatar\/3f873c571a76c94704d9f539f4210376.jpg?ver=1777260344' srcset='https:\/\/provens.edu.rs\/wp-content\/litespeed\/avatar\/72f06dfd6f36ec0519bdb4a78fdc3c26.jpg?ver=1777260344 2x' class='avatar avatar-128 photo' height='128' width='128' \/>\t\t<\/div>\n\t\t\t\t<div class=\"elementor-post__text\">\n\t\t\t\t<h4 class=\"elementor-post__title\">\n\t\t\t<a href=\"https:\/\/provens.edu.rs\/sr_rs\/svecana-akademija-deci-u-cast\/\" >\n\t\t\t\tSve\u010dana akademija &#8222;Deci u \u010dast&#8220;\t\t\t<\/a>\n\t\t<\/h4>\n\t\t\t\t<div class=\"elementor-post__excerpt\">\n\t\t\t<p>Manifestacija &#8222;Sve\u010dana akademija &#8216;Deci u \u010dast'&#8220; ustanovljena je 2023. godine i predstavlja godi\u0161nji doga\u0111aj posve\u0107en unapre\u0111enju edukacije i razvoja kompetencija dece i mladih.<\/p>\n\t\t<\/div>\n\t\t\t\t\t<div class=\"elementor-post__read-more-wrapper\">\n\t\t\n\t\t<a class=\"elementor-post__read-more\" href=\"https:\/\/provens.edu.rs\/sr_rs\/svecana-akademija-deci-u-cast\/\" aria-label=\"Read more about Sve\u010dana akademija &#8222;Deci u \u010dast&#8220;\" tabindex=\"-1\" >\n\t\t\tPro\u010ditaj vi\u0161e\t\t<\/a>\n\n\t\t\t\t\t<\/div>\n\t\t\t\t<\/div>\n\t\t\t\t<div class=\"elementor-post__meta-data\">\n\t\t\t\t\t<span class=\"elementor-post-date\">\n\t\t\t14\/12\/2023\t\t<\/span>\n\t\t\t\t<\/div>\n\t\t\t\t\t<\/div>\n\t\t<\/article>\n\t\t\t\t<article class=\"elementor-post elementor-grid-item post-1978 post type-post status-publish format-standard has-post-thumbnail hentry category-knjige-za-decu category-provense-junior tag-dragana-malesevic tag-nagrada\">\n\t\t\t<div class=\"elementor-post__card\">\n\t\t\t\t<a class=\"elementor-post__thumbnail__link\" href=\"https:\/\/provens.edu.rs\/sr_rs\/nagrada-za-decju-knjigu-godine-na-medjunarodnom-sajmu-knjiga-u-beogradu\/\" tabindex=\"-1\" ><div class=\"elementor-post__thumbnail\"><img loading=\"lazy\" decoding=\"async\" width=\"768\" height=\"384\" src=\"https:\/\/provens.edu.rs\/wp-content\/uploads\/2023\/10\/Dragana-Malesevic-na-sajmu-jnjiga-768x384.jpg\" class=\"attachment-medium_large size-medium_large wp-image-2436\" alt=\"Dragana Malesevic\" srcset=\"https:\/\/provens.edu.rs\/wp-content\/uploads\/2023\/10\/Dragana-Malesevic-na-sajmu-jnjiga-768x384.jpg 768w, https:\/\/provens.edu.rs\/wp-content\/uploads\/2023\/10\/Dragana-Malesevic-na-sajmu-jnjiga-300x150.jpg 300w, https:\/\/provens.edu.rs\/wp-content\/uploads\/2023\/10\/Dragana-Malesevic-na-sajmu-jnjiga-1024x512.jpg 1024w, https:\/\/provens.edu.rs\/wp-content\/uploads\/2023\/10\/Dragana-Malesevic-na-sajmu-jnjiga-18x9.jpg 18w, https:\/\/provens.edu.rs\/wp-content\/uploads\/2023\/10\/Dragana-Malesevic-na-sajmu-jnjiga-600x300.jpg 600w, https:\/\/provens.edu.rs\/wp-content\/uploads\/2023\/10\/Dragana-Malesevic-na-sajmu-jnjiga.jpg 1200w\" sizes=\"(max-width: 768px) 100vw, 768px\" \/><\/div><\/a>\n\t\t\t\t<div class=\"elementor-post__avatar\">\n\t\t\t<img alt='Dragana Malesevic' src='https:\/\/provens.edu.rs\/wp-content\/litespeed\/avatar\/3f873c571a76c94704d9f539f4210376.jpg?ver=1777260344' srcset='https:\/\/provens.edu.rs\/wp-content\/litespeed\/avatar\/72f06dfd6f36ec0519bdb4a78fdc3c26.jpg?ver=1777260344 2x' class='avatar avatar-128 photo' height='128' width='128' \/>\t\t<\/div>\n\t\t\t\t<div class=\"elementor-post__text\">\n\t\t\t\t<h4 class=\"elementor-post__title\">\n\t\t\t<a href=\"https:\/\/provens.edu.rs\/sr_rs\/nagrada-za-decju-knjigu-godine-na-medjunarodnom-sajmu-knjiga-u-beogradu\/\" >\n\t\t\t\tNagrada za de\u010dju knjigu godine na Medjunarodnom sajmu knjiga u Beogradu\t\t\t<\/a>\n\t\t<\/h4>\n\t\t\t\t<div class=\"elementor-post__excerpt\">\n\t\t\t<p>Dragana Male\u0161evi\u0107 je nagra\u0111ena za svoju ediciju &#8222;Knjige sa kojima se raste&#8220; koja je prepoznata kao de\u010dja knjiga godine. Ova edicija donosi inovativan pristup de\u010djim knjigama.<\/p>\n\t\t<\/div>\n\t\t\t\t\t<div class=\"elementor-post__read-more-wrapper\">\n\t\t\n\t\t<a class=\"elementor-post__read-more\" href=\"https:\/\/provens.edu.rs\/sr_rs\/nagrada-za-decju-knjigu-godine-na-medjunarodnom-sajmu-knjiga-u-beogradu\/\" aria-label=\"Read more about Nagrada za de\u010dju knjigu godine na Medjunarodnom sajmu knjiga u Beogradu\" tabindex=\"-1\" >\n\t\t\tPro\u010ditaj vi\u0161e\t\t<\/a>\n\n\t\t\t\t\t<\/div>\n\t\t\t\t<\/div>\n\t\t\t\t<div class=\"elementor-post__meta-data\">\n\t\t\t\t\t<span class=\"elementor-post-date\">\n\t\t\t28\/10\/2023\t\t<\/span>\n\t\t\t\t<\/div>\n\t\t\t\t\t<\/div>\n\t\t<\/article>\n\t\t\t\t<\/div>\n\t\t\n\t\t\t\t\t\t<\/div>\n\t\t\t\t<\/div>\n\t\t\t\t\t<\/div>\n\t\t<\/div>\n\t\t\t\t\t<\/div>\n\t\t<\/section>\n\t\t\t\t<\/div>\n\t\t","protected":false},"excerpt":{"rendered":"","protected":false},"author":2,"featured_media":0,"parent":0,"menu_order":0,"comment_status":"closed","ping_status":"closed","template":"","meta":{"site-sidebar-layout":"no-sidebar","site-content-layout":"page-builder","ast-site-content-layout":"full-width-container","site-content-style":"default","site-sidebar-style":"default","ast-global-header-display":"","ast-banner-title-visibility":"","ast-main-header-display":"","ast-hfb-above-header-display":"","ast-hfb-below-header-display":"","ast-hfb-mobile-header-display":"","site-post-title":"disabled","ast-breadcrumbs-content":"","ast-featured-img":"disabled","footer-sml-layout":"","theme-transparent-header-meta":"enabled","adv-header-id-meta":"","stick-header-meta":"","header-above-stick-meta":"","header-main-stick-meta":"","header-below-stick-meta":"","astra-migrate-meta-layouts":"set","ast-page-background-enabled":"default","ast-page-background-meta":{"desktop":{"background-color":"","background-image":"","background-repeat":"repeat","background-position":"center center","background-size":"auto","background-attachment":"scroll","background-type":"","background-media":"","overlay-type":"","overlay-color":"","overlay-opacity":"","overlay-gradient":""},"tablet":{"background-color":"","background-image":"","background-repeat":"repeat","background-position":"center center","background-size":"auto","background-attachment":"scroll","background-type":"","background-media":"","overlay-type":"","overlay-color":"","overlay-opacity":"","overlay-gradient":""},"mobile":{"background-color":"","background-image":"","background-repeat":"repeat","background-position":"center center","background-size":"auto","background-attachment":"scroll","background-type":"","background-media":"","overlay-type":"","overlay-color":"","overlay-opacity":"","overlay-gradient":""}},"ast-content-background-meta":{"desktop":{"background-color":"var(--ast-global-color-5)","background-image":"","background-repeat":"repeat","background-position":"center center","background-size":"auto","background-attachment":"scroll","background-type":"","background-media":"","overlay-type":"","overlay-color":"","overlay-opacity":"","overlay-gradient":""},"tablet":{"background-color":"var(--ast-global-color-5)","background-image":"","background-repeat":"repeat","background-position":"center center","background-size":"auto","background-attachment":"scroll","background-type":"","background-media":"","overlay-type":"","overlay-color":"","overlay-opacity":"","overlay-gradient":""},"mobile":{"background-color":"var(--ast-global-color-5)","background-image":"","background-repeat":"repeat","background-position":"center center","background-size":"auto","background-attachment":"scroll","background-type":"","background-media":"","overlay-type":"","overlay-color":"","overlay-opacity":"","overlay-gradient":""}},"footnotes":""},"class_list":["post-2008","page","type-page","status-publish","hentry"],"yoast_head":"<!-- This site is optimized with the Yoast SEO Premium plugin v24.0 (Yoast SEO v24.5) - https:\/\/yoast.com\/wordpress\/plugins\/seo\/ -->\n<title>Provens Junior - Provens<\/title>\n<meta name=\"robots\" content=\"index, follow, max-snippet:-1, max-image-preview:large, max-video-preview:-1\" \/>\n<link rel=\"canonical\" href=\"https:\/\/provens.edu.rs\/sr_rs\/provens-junior\/\" \/>\n<meta property=\"og:locale\" content=\"sr_RS\" \/>\n<meta property=\"og:type\" content=\"article\" \/>\n<meta property=\"og:title\" content=\"Provens Junior\" \/>\n<meta property=\"og:url\" content=\"https:\/\/provens.edu.rs\/sr_rs\/provens-junior\/\" \/>\n<meta property=\"og:site_name\" content=\"Provens\" \/>\n<meta property=\"article:modified_time\" content=\"2024-10-07T15:15:08+00:00\" \/>\n<meta name=\"twitter:card\" content=\"summary_large_image\" \/>\n<meta name=\"twitter:label1\" content=\"Procenjeno vreme \u010ditanja\" \/>\n\t<meta name=\"twitter:data1\" content=\"5 minuta\" \/>\n<script type=\"application\/ld+json\" class=\"yoast-schema-graph\">{\"@context\":\"https:\/\/schema.org\",\"@graph\":[{\"@type\":\"WebPage\",\"@id\":\"https:\/\/provens.edu.rs\/provens-junior\/\",\"url\":\"https:\/\/provens.edu.rs\/provens-junior\/\",\"name\":\"Provens Junior - Provens\",\"isPartOf\":{\"@id\":\"https:\/\/provens.edu.rs\/sr_rs\/#website\"},\"datePublished\":\"2023-11-13T16:52:44+00:00\",\"dateModified\":\"2024-10-07T15:15:08+00:00\",\"breadcrumb\":{\"@id\":\"https:\/\/provens.edu.rs\/provens-junior\/#breadcrumb\"},\"inLanguage\":\"sr-RS\",\"potentialAction\":[{\"@type\":\"ReadAction\",\"target\":[\"https:\/\/provens.edu.rs\/provens-junior\/\"]}]},{\"@type\":\"BreadcrumbList\",\"@id\":\"https:\/\/provens.edu.rs\/provens-junior\/#breadcrumb\",\"itemListElement\":[{\"@type\":\"ListItem\",\"position\":1,\"name\":\"Po\u010detna\",\"item\":\"https:\/\/provens.edu.rs\/sr_rs\/\"},{\"@type\":\"ListItem\",\"position\":2,\"name\":\"Provens Junior\"}]},{\"@type\":\"WebSite\",\"@id\":\"https:\/\/provens.edu.rs\/sr_rs\/#website\",\"url\":\"https:\/\/provens.edu.rs\/sr_rs\/\",\"name\":\"Provens - Biti najbolja verzija sebe\",\"description\":\"Udru\u017eenje za razvoj profesionalnih ve\u0161tina\",\"publisher\":{\"@id\":\"https:\/\/provens.edu.rs\/sr_rs\/#organization\"},\"potentialAction\":[{\"@type\":\"SearchAction\",\"target\":{\"@type\":\"EntryPoint\",\"urlTemplate\":\"https:\/\/provens.edu.rs\/sr_rs\/?s={search_term_string}\"},\"query-input\":{\"@type\":\"PropertyValueSpecification\",\"valueRequired\":true,\"valueName\":\"search_term_string\"}}],\"inLanguage\":\"sr-RS\"},{\"@type\":\"Organization\",\"@id\":\"https:\/\/provens.edu.rs\/sr_rs\/#organization\",\"name\":\"Provens\",\"url\":\"https:\/\/provens.edu.rs\/sr_rs\/\",\"logo\":{\"@type\":\"ImageObject\",\"inLanguage\":\"sr-RS\",\"@id\":\"https:\/\/provens.edu.rs\/sr_rs\/#\/schema\/logo\/image\/\",\"url\":\"https:\/\/provens.edu.rs\/wp-content\/uploads\/2020\/07\/provens.jpg\",\"contentUrl\":\"https:\/\/provens.edu.rs\/wp-content\/uploads\/2020\/07\/provens.jpg\",\"width\":1986,\"height\":562,\"caption\":\"Provens\"},\"image\":{\"@id\":\"https:\/\/provens.edu.rs\/sr_rs\/#\/schema\/logo\/image\/\"}}]}<\/script>\n<!-- \/ Yoast SEO Premium plugin. -->","yoast_head_json":{"title":"Provens Junior - Provens","robots":{"index":"index","follow":"follow","max-snippet":"max-snippet:-1","max-image-preview":"max-image-preview:large","max-video-preview":"max-video-preview:-1"},"canonical":"https:\/\/provens.edu.rs\/sr_rs\/provens-junior\/","og_locale":"sr_RS","og_type":"article","og_title":"Provens Junior","og_url":"https:\/\/provens.edu.rs\/sr_rs\/provens-junior\/","og_site_name":"Provens","article_modified_time":"2024-10-07T15:15:08+00:00","twitter_card":"summary_large_image","twitter_misc":{"Procenjeno vreme \u010ditanja":"5 minuta"},"schema":{"@context":"https:\/\/schema.org","@graph":[{"@type":"WebPage","@id":"https:\/\/provens.edu.rs\/provens-junior\/","url":"https:\/\/provens.edu.rs\/provens-junior\/","name":"Provens Junior - Provens","isPartOf":{"@id":"https:\/\/provens.edu.rs\/sr_rs\/#website"},"datePublished":"2023-11-13T16:52:44+00:00","dateModified":"2024-10-07T15:15:08+00:00","breadcrumb":{"@id":"https:\/\/provens.edu.rs\/provens-junior\/#breadcrumb"},"inLanguage":"sr-RS","potentialAction":[{"@type":"ReadAction","target":["https:\/\/provens.edu.rs\/provens-junior\/"]}]},{"@type":"BreadcrumbList","@id":"https:\/\/provens.edu.rs\/provens-junior\/#breadcrumb","itemListElement":[{"@type":"ListItem","position":1,"name":"Po\u010detna","item":"https:\/\/provens.edu.rs\/sr_rs\/"},{"@type":"ListItem","position":2,"name":"Provens Junior"}]},{"@type":"WebSite","@id":"https:\/\/provens.edu.rs\/sr_rs\/#website","url":"https:\/\/provens.edu.rs\/sr_rs\/","name":"Provens - Biti najbolja verzija sebe","description":"Udru\u017eenje za razvoj profesionalnih ve\u0161tina","publisher":{"@id":"https:\/\/provens.edu.rs\/sr_rs\/#organization"},"potentialAction":[{"@type":"SearchAction","target":{"@type":"EntryPoint","urlTemplate":"https:\/\/provens.edu.rs\/sr_rs\/?s={search_term_string}"},"query-input":{"@type":"PropertyValueSpecification","valueRequired":true,"valueName":"search_term_string"}}],"inLanguage":"sr-RS"},{"@type":"Organization","@id":"https:\/\/provens.edu.rs\/sr_rs\/#organization","name":"Provens","url":"https:\/\/provens.edu.rs\/sr_rs\/","logo":{"@type":"ImageObject","inLanguage":"sr-RS","@id":"https:\/\/provens.edu.rs\/sr_rs\/#\/schema\/logo\/image\/","url":"https:\/\/provens.edu.rs\/wp-content\/uploads\/2020\/07\/provens.jpg","contentUrl":"https:\/\/provens.edu.rs\/wp-content\/uploads\/2020\/07\/provens.jpg","width":1986,"height":562,"caption":"Provens"},"image":{"@id":"https:\/\/provens.edu.rs\/sr_rs\/#\/schema\/logo\/image\/"}}]}},"_links":{"self":[{"href":"https:\/\/provens.edu.rs\/sr_rs\/wp-json\/wp\/v2\/pages\/2008","targetHints":{"allow":["GET"]}}],"collection":[{"href":"https:\/\/provens.edu.rs\/sr_rs\/wp-json\/wp\/v2\/pages"}],"about":[{"href":"https:\/\/provens.edu.rs\/sr_rs\/wp-json\/wp\/v2\/types\/page"}],"author":[{"embeddable":true,"href":"https:\/\/provens.edu.rs\/sr_rs\/wp-json\/wp\/v2\/users\/2"}],"replies":[{"embeddable":true,"href":"https:\/\/provens.edu.rs\/sr_rs\/wp-json\/wp\/v2\/comments?post=2008"}],"version-history":[{"count":38,"href":"https:\/\/provens.edu.rs\/sr_rs\/wp-json\/wp\/v2\/pages\/2008\/revisions"}],"predecessor-version":[{"id":2583,"href":"https:\/\/provens.edu.rs\/sr_rs\/wp-json\/wp\/v2\/pages\/2008\/revisions\/2583"}],"wp:attachment":[{"href":"https:\/\/provens.edu.rs\/sr_rs\/wp-json\/wp\/v2\/media?parent=2008"}],"curies":[{"name":"wp","href":"https:\/\/api.w.org\/{rel}","templated":true}]}}